{"version":"1.0","provider_name":"B+A Architectes","provider_url":"https:\/\/bplusa.eu\/fr\/","author_name":"B+A Architectes","author_url":"https:\/\/bplusa.eu\/fr\/author\/brossy\/","title":"Centre d'H\u00e9bergement des Apprentis - B+A Architectes","type":"rich","width":600,"height":338,"html":"<blockquote class=\"wp-embedded-content\" data-secret=\"bhhqriKsTI\"><a href=\"https:\/\/bplusa.eu\/fr\/projects\/centre-dhebergement-des-apprentis\/\">Centre d&rsquo;H\u00e9bergement des Apprentis<\/a><\/blockquote><iframe sandbox=\"allow-scripts\" security=\"restricted\" src=\"https:\/\/bplusa.eu\/fr\/projects\/centre-dhebergement-des-apprentis\/embed\/#?secret=bhhqriKsTI\" width=\"600\" height=\"338\" title=\"\u00ab\u00a0Centre d&rsquo;H\u00e9bergement des Apprentis\u00a0\u00bb &#8212; B+A Architectes\" data-secret=\"bhhqriKsTI\" frameborder=\"0\" marginwidth=\"0\" marginheight=\"0\" scrolling=\"no\" class=\"wp-embedded-content\"><\/iframe><script>\n\/*! This file is auto-generated *\/\n!function(c,d){\"use strict\";var e=!1,o=!1;if(d.querySelector)if(c.addEventListener)e=!0;if(c.wp=c.wp||{},c.wp.receiveEmbedMessage);else if(c.wp.receiveEmbedMessage=function(e){var t=e.data;if(!t);else if(!(t.secret||t.message||t.value));else if(\/[^a-zA-Z0-9]\/.test(t.secret));else{for(var r,s,a,i=d.querySelectorAll('iframe[data-secret=\"'+t.secret+'\"]'),n=d.querySelectorAll('blockquote[data-secret=\"'+t.secret+'\"]'),o=new RegExp(\"^https?:$\",\"i\"),l=0;l<n.length;l++)n[l].style.display=\"none\";for(l=0;l<i.length;l++)if(r=i[l],e.source!==r.contentWindow);else{if(r.removeAttribute(\"style\"),\"height\"===t.message){if(1e3<(s=parseInt(t.value,10)))s=1e3;else if(~~s<200)s=200;r.height=s}if(\"link\"===t.message)if(s=d.createElement(\"a\"),a=d.createElement(\"a\"),s.href=r.getAttribute(\"src\"),a.href=t.value,!o.test(a.protocol));else if(a.host===s.host)if(d.activeElement===r)c.top.location.href=t.value}}},e)c.addEventListener(\"message\",c.wp.receiveEmbedMessage,!1),d.addEventListener(\"DOMContentLoaded\",t,!1),c.addEventListener(\"load\",t,!1);function t(){if(o);else{o=!0;for(var e,t,r,s=-1!==navigator.appVersion.indexOf(\"MSIE 10\"),a=!!navigator.userAgent.match(\/Trident.*rv:11\\.\/),i=d.querySelectorAll(\"iframe.wp-embedded-content\"),n=0;n<i.length;n++){if(!(r=(t=i[n]).getAttribute(\"data-secret\")))r=Math.random().toString(36).substr(2,10),t.src+=\"#?secret=\"+r,t.setAttribute(\"data-secret\",r);if(s||a)(e=t.cloneNode(!0)).removeAttribute(\"security\"),t.parentNode.replaceChild(e,t);t.contentWindow.postMessage({message:\"ready\",secret:r},\"*\")}}}}(window,document);\n<\/script>\n","thumbnail_url":"https:\/\/bplusa.eu\/wp-content\/uploads\/2018\/11\/VIGNETTE-BOVES.jpg","thumbnail_width":3643,"thumbnail_height":3685,"description":"Construction d\u2019un b\u00e2timent mixte BBC regroupant h\u00e9bergement, restaurant inter entreprises, CDI, locaux d\u2019activit\u00e9s tertiaires et parking. Le Centre d\u2019H\u00e9bergement, appuy\u00e9 sur la Chambre des M\u00e9tiers, annonce l\u2019ensemble de la ZAC et s\u2019attribue implicitement un r\u00f4le de vitrine. Il s\u2019agit d\u2019un b\u00e2timent R+2 unitaire et compact dans la grande longueur du terrain, rassemblant les usagers et&hellip;"}